{"id":1448,"date":"2023-10-22T13:19:26","date_gmt":"2023-10-22T11:19:26","guid":{"rendered":"https:\/\/camperplaatswillemsoord.nl\/declaration-de-confidentialite\/"},"modified":"2023-10-29T14:24:31","modified_gmt":"2023-10-29T13:24:31","slug":"declaration-de-confidentialite","status":"publish","type":"page","link":"https:\/\/camperplaatswillemsoord.nl\/fr\/declaration-de-confidentialite\/","title":{"rendered":"D\u00e9claration de confidentialit\u00e9"},"content":{"rendered":"\t\t<div data-elementor-type=\"wp-page\" data-elementor-id=\"1448\" class=\"elementor elementor-1448 elementor-38\" data-elementor-post-type=\"page\">\n\t\t\t\t<div class=\"elementor-element elementor-element-ec1f29c e-con-full e-flex e-con e-parent\" data-id=\"ec1f29c\" data-element_type=\"container\" data-e-type=\"container\" data-settings=\"{&quot;background_background&quot;:&quot;slideshow&quot;,&quot;background_slideshow_gallery&quot;:[{&quot;id&quot;:239,&quot;url&quot;:&quot;https:\\\/\\\/camperplaatswillemsoord.nl\\\/wp-content\\\/uploads\\\/2023\\\/10\\\/Camperplaats-Willemsoord-Weldadig-Kamperen-76.jpg&quot;},{&quot;id&quot;:248,&quot;url&quot;:&quot;https:\\\/\\\/camperplaatswillemsoord.nl\\\/wp-content\\\/uploads\\\/2023\\\/10\\\/Camperplaats-Willemsoord-Weldadig-Kamperen-65.jpg&quot;},{&quot;id&quot;:252,&quot;url&quot;:&quot;https:\\\/\\\/camperplaatswillemsoord.nl\\\/wp-content\\\/uploads\\\/2023\\\/10\\\/Camperplaats-Willemsoord-Weldadig-Kamperen-63.jpg&quot;},{&quot;id&quot;:244,&quot;url&quot;:&quot;https:\\\/\\\/camperplaatswillemsoord.nl\\\/wp-content\\\/uploads\\\/2023\\\/10\\\/Camperplaats-Willemsoord-Weldadig-Kamperen-77.jpg&quot;}],&quot;background_slideshow_loop&quot;:&quot;yes&quot;,&quot;background_slideshow_slide_duration&quot;:5000,&quot;background_slideshow_slide_transition&quot;:&quot;fade&quot;,&quot;background_slideshow_transition_duration&quot;:500}\">\n\t\t\t\t<div class=\"elementor-element elementor-element-9edd7bf dce_masking-none elementor-invisible elementor-widget elementor-widget-image\" data-id=\"9edd7bf\" data-element_type=\"widget\" data-e-type=\"widget\" data-settings=\"{&quot;_animation&quot;:&quot;rollIn&quot;}\" data-widget_type=\"image.default\">\n\t\t\t\t<div class=\"elementor-widget-container\">\n\t\t\t\t\t\t\t\t\t\t\t\t\t\t\t<img fetchpriority=\"high\" decoding=\"async\" width=\"4500\" height=\"4500\" src=\"https:\/\/camperplaatswillemsoord.nl\/wp-content\/uploads\/2023\/10\/Camperplaats-Willemsoord-Logo_2023-vierkant.png\" class=\"attachment-full size-full wp-image-171\" alt=\"Terrain de camping Willemsoord Logo 2023 square\" srcset=\"https:\/\/camperplaatswillemsoord.nl\/wp-content\/uploads\/2023\/10\/Camperplaats-Willemsoord-Logo_2023-vierkant.png 4500w, https:\/\/camperplaatswillemsoord.nl\/wp-content\/uploads\/2023\/10\/Camperplaats-Willemsoord-Logo_2023-vierkant-300x300.png 300w, https:\/\/camperplaatswillemsoord.nl\/wp-content\/uploads\/2023\/10\/Camperplaats-Willemsoord-Logo_2023-vierkant-1024x1024.png 1024w, https:\/\/camperplaatswillemsoord.nl\/wp-content\/uploads\/2023\/10\/Camperplaats-Willemsoord-Logo_2023-vierkant-150x150.png 150w, https:\/\/camperplaatswillemsoord.nl\/wp-content\/uploads\/2023\/10\/Camperplaats-Willemsoord-Logo_2023-vierkant-768x768.png 768w, https:\/\/camperplaatswillemsoord.nl\/wp-content\/uploads\/2023\/10\/Camperplaats-Willemsoord-Logo_2023-vierkant-1536x1536.png 1536w, https:\/\/camperplaatswillemsoord.nl\/wp-content\/uploads\/2023\/10\/Camperplaats-Willemsoord-Logo_2023-vierkant-2048x2048.png 2048w\" sizes=\"(max-width: 4500px) 100vw, 4500px\" \/>\t\t\t\t\t\t\t\t\t\t\t\t\t\t\t<\/div>\n\t\t\t\t<\/div>\n\t\t\t\t<div class=\"elementor-element elementor-element-150e893 elementor-invisible elementor-widget elementor-widget-heading\" data-id=\"150e893\" data-element_type=\"widget\" data-e-type=\"widget\" data-settings=\"{&quot;_animation&quot;:&quot;fadeInRight&quot;}\" data-widget_type=\"heading.default\">\n\t\t\t\t<div class=\"elementor-widget-container\">\n\t\t\t\t\t<h2 class=\"elementor-heading-title elementor-size-default\">D\u00e9claration de confidentialit\u00e9<\/h2>\t\t\t\t<\/div>\n\t\t\t\t<\/div>\n\t\t\t\t<\/div>\n\t\t<div data-dce-background-image-url=\"https:\/\/camperplaatswillemsoord.nl\/wp-content\/uploads\/2023\/10\/Camperplaats-Willemsoord-Achtergrond-Camper-22x.png\" class=\"elementor-element elementor-element-c028f81 e-flex e-con-boxed e-con e-parent\" data-id=\"c028f81\" data-element_type=\"container\" data-e-type=\"container\" data-settings=\"{&quot;background_background&quot;:&quot;classic&quot;}\">\n\t\t\t\t\t<div class=\"e-con-inner\">\n\t\t\t\t<div class=\"elementor-element elementor-element-0176276 elementor-widget elementor-widget-heading\" data-id=\"0176276\" data-element_type=\"widget\" data-e-type=\"widget\" data-widget_type=\"heading.default\">\n\t\t\t\t<div class=\"elementor-widget-container\">\n\t\t\t\t\t<h2 class=\"elementor-heading-title elementor-size-default\">D\u00e9claration de confidentialit\u00e9 Aire de Camping-car Willemsoord<\/h2>\t\t\t\t<\/div>\n\t\t\t\t<\/div>\n\t\t\t\t<div class=\"elementor-element elementor-element-399b9d4 elementor-widget elementor-widget-text-editor\" data-id=\"399b9d4\" data-element_type=\"widget\" data-e-type=\"widget\" data-widget_type=\"text-editor.default\">\n\t\t\t\t<div class=\"elementor-widget-container\">\n\t\t\t\t\t\t\t\t\t<p>D\u00e8s que vous visitez notre site web https:\/\/camperplaatswillemsoord.nl ou que vous nous contactez, nous recevons des informations vous concernant. Dans cette d\u00e9claration de confidentialit\u00e9, nous expliquons ce que nous faisons de ces informations. We gaan altijd zorgvuldig met je informatie om en slaan die veilig op. Nous traitons toujours vos informations avec soin et les conservons en toute s\u00e9curit\u00e9. Si vous avez des questions ou si vous souhaitez savoir quelles sont les informations dont nous disposons \u00e0 votre sujet, n&rsquo;h\u00e9sitez pas \u00e0 nous contacter. Nous pourrons modifier cette d\u00e9claration de confidentialit\u00e9 si n\u00e9cessaire. Nous vous recommandons de consulter r\u00e9guli\u00e8rement cette d\u00e9claration de confidentialit\u00e9 afin de prendre connaissance de ces modifications.<\/p>\n<h5>Quand appliquez-vous cette d\u00e9claration de confidentialit\u00e9 ?<\/h5>\n<p>La pr\u00e9sente d\u00e9claration de confidentialit\u00e9 s&rsquo;applique \u00e0 toutes les donn\u00e9es personnelles que nous traitons et \u00e0 tous les domaines qui nous sont li\u00e9s. Elle concerne les donn\u00e9es \u00e0 caract\u00e8re personnel de toutes les personnes qui ont eu un contact avec nous ou qui ont visit\u00e9 notre site web, comme les visiteurs, les clients et les relations d&rsquo;affaires. Les donn\u00e9es personnelles sont toutes les donn\u00e9es qui permettent de vous identifier en tant que personne, comme votre nom, votre num\u00e9ro de t\u00e9l\u00e9phone, votre adresse IP, votre num\u00e9ro de client ou votre comportement de navigation. Si vous souhaitez en savoir plus sur les donn\u00e9es personnelles, veuillez consulter le site web de l&rsquo;Autorit\u00e9 n\u00e9erlandaise de protection des donn\u00e9es.<\/p>\n<h5>Qui utilise vos donn\u00e9es<\/h5>\n<p>Aire de Camping-car Willemsoord est responsable du site web https:\/\/camperplaatswillemsoord.nl et donc l&rsquo;organisation responsable de l&rsquo;utilisation de vos donn\u00e9es personnelles telle que d\u00e9crite dans cette d\u00e9claration de confidentialit\u00e9. Les coordonn\u00e9es compl\u00e8tes sont les suivantes :<\/p>\n<p>Aire de Camping-car Willemsoord<br \/>Paasloregel 60<br \/>8338 SX Willemsoord<\/p>\n<h5>\u00c0 qui appartiennent les donn\u00e9es que nous utilisons ?<\/h5>\n<p>Nous traitons les donn\u00e9es personnelles de toutes les personnes qui ont pris contact avec nous ou qui ont visit\u00e9 notre site web. Il s&rsquo;agit des visiteurs, des clients priv\u00e9s, des clients professionnels et des personnes de contact de nos partenaires.<\/p>\n<h5>Comment obtenons-nous vos donn\u00e9es ?<\/h5>\n<p>Nous recevons les donn\u00e9es directement de votre part d\u00e8s que vous :<\/p>\n<ul>\n<li>Visitez notre site web<\/li>\n<li>Remplir des donn\u00e9es sur notre site web<\/li>\n<li>Nous contacter par courrier, par t\u00e9l\u00e9phone ou par d&rsquo;autres moyens<\/li>\n<\/ul>\n<h5>Quelles donn\u00e9es vous concernant utilisons-nous ?<\/h5>\n<p>Nous utilisons les donn\u00e9es suivantes :<\/p>\n<ul>\n<li>Nom<\/li>\n<li>Adresse ou adresse professionnelle<\/li>\n<li>Adresse \u00e9lectronique<\/li>\n<li>Num\u00e9ro de t\u00e9l\u00e9phone<\/li>\n<li>Photographies<\/li>\n<\/ul>\n<h5>\u00c0 quelles fins utilisons-nous vos donn\u00e9es ?<\/h5>\n<p>Nous n&rsquo;utilisons vos donn\u00e9es personnelles qu&rsquo;aux fins pour lesquelles nous sommes autoris\u00e9s \u00e0 les utiliser :<\/p>\n<ul>\n<li>Nous avons re\u00e7u votre autorisation d&rsquo;utiliser vos donn\u00e9es personnelles<\/li>\n<li>Nous utilisons vos donn\u00e9es parce que nous voulons vous offrir le meilleur service en tant que client et que nous pouvons nous passer de ces informations<\/li>\n<\/ul>\n<h5>Combien de temps conservons-nous vos donn\u00e9es ?<\/h5>\n<p>Nous conservons vos donn\u00e9es \u00e0 caract\u00e8re personnel aussi longtemps que la loi nous y oblige et aussi longtemps que cela est n\u00e9cessaire aux fins pour lesquelles nous utilisons vos donn\u00e9es. Par exemple, tant que vous \u00eates client chez nous, nous conservons vos donn\u00e9es conform\u00e9ment \u00e0 la p\u00e9riode de conservation l\u00e9gale de sept ans. Ensuite, nous ne conservons vos donn\u00e9es qu&rsquo;\u00e0 des fins statistiques et pour traiter d&rsquo;\u00e9ventuelles r\u00e9clamations ou questions juridiques. Si vous souhaitez en savoir plus sur la dur\u00e9e de conservation de donn\u00e9es sp\u00e9cifiques vous concernant, veuillez nous contacter.<\/p>\n<h5>Avec qui partageons-nous vos donn\u00e9es ?<\/h5>\n<p>Nous traitons uniquement vos donn\u00e9es personnelles. Nous ne partageons pas vos donn\u00e9es personnelles avec d&rsquo;autres.<\/p>\n<h5>O\u00f9 stockons-nous vos donn\u00e9es ?<\/h5>\n<p>Nous traitons vos donn\u00e9es au sein de l&rsquo;Espace \u00e9conomique europ\u00e9en. Cela signifie que nous stockons \u00e9galement vos donn\u00e9es au sein de l&rsquo;EEE. Si vous avez des questions \u00e0 ce sujet, n&rsquo;h\u00e9sitez pas \u00e0 nous contacter.<\/p>\n<h5>Dans quelle mesure vos donn\u00e9es sont-elles en s\u00e9curit\u00e9 chez nous ?<\/h5>\n<p>Nous avons fait beaucoup pour prot\u00e9ger au mieux vos donn\u00e9es, tant sur le plan organisationnel que technique. Nous avons s\u00e9curis\u00e9 nos syst\u00e8mes et nos diff\u00e9rents moyens de communication afin que vos donn\u00e9es ne tombent pas entre les mains d&rsquo;autres personnes. Vos donn\u00e9es sont donc en s\u00e9curit\u00e9 chez nous. Nous veillons \u00e9galement \u00e0 ce que vos donn\u00e9es ne soient utilis\u00e9es que par les personnes qui en ont re\u00e7u l&rsquo;autorisation. Si vous avez des questions sur la m\u00e9thode sp\u00e9cifique de s\u00e9curisation, n&rsquo;h\u00e9sitez pas \u00e0 nous contacter.<\/p>\n<h5>Quels sont vos droits ?<\/h5>\n<p>Parce que nous utilisons vos donn\u00e9es personnelles, vous disposez de plusieurs droits. Nous avons \u00e9num\u00e9r\u00e9 ces droits ci-dessous.<\/p>\n<h6 style=\"padding-left: 40px;\">Droit \u00e0 l&rsquo;information<\/h6>\n<p style=\"padding-left: 40px;\">Nous devons vous expliquer de mani\u00e8re claire et compr\u00e9hensible ce que nous faisons de vos donn\u00e9es et quel contr\u00f4le vous avez sur celles-ci. C&rsquo;est pourquoi nous expliquons en d\u00e9tail dans la pr\u00e9sente d\u00e9claration de confidentialit\u00e9 les donn\u00e9es que nous collectons aupr\u00e8s de vous et la mani\u00e8re dont nous les traitons.<\/p>\n<h6 style=\"padding-left: 40px;\">Droit d&rsquo;acc\u00e8s<\/h6>\n<p style=\"padding-left: 40px;\">Vous pouvez toujours nous demander de consulter les donn\u00e9es que nous d\u00e9tenons \u00e0 votre sujet.<\/p>\n<h6 style=\"padding-left: 40px;\">Droit de rectification<\/h6>\n<p style=\"padding-left: 40px;\">Vous pouvez nous demander de rectifier vos donn\u00e9es si elles sont incorrectes ou incompl\u00e8tes.<\/p>\n<h6 style=\"padding-left: 40px;\">Droit d&rsquo;opposition<\/h6>\n<p style=\"padding-left: 40px;\">Vous pouvez vous opposer au traitement de vos donn\u00e9es si vous n&rsquo;\u00eates pas d&rsquo;accord avec la mani\u00e8re dont nous traitons vos donn\u00e9es personnelles. Ce droit s&rsquo;applique aux donn\u00e9es que nous utilisons \u00e0 des fins de marketing direct. Vous pouvez nous indiquer que vous ne souhaitez plus recevoir d&rsquo;e-mails de notre part. Ceci s&rsquo;applique \u00e9galement aux recommandations personnalis\u00e9es sur notre site web.<\/p>\n<h6 style=\"padding-left: 40px;\">Droit \u00e0 la portabilit\u00e9 des donn\u00e9es<\/h6>\n<p style=\"padding-left: 40px;\">Si vous \u00eates l&rsquo;un de nos clients ou si vous avez autoris\u00e9 l&rsquo;utilisation de vos donn\u00e9es, vous pouvez nous demander de vous envoyer les donn\u00e9es num\u00e9riques dont nous disposons \u00e0 votre sujet. Vous pourrez ainsi transf\u00e9rer ces donn\u00e9es \u00e0 une autre organisation si vous le souhaitez.<\/p>\n<h6 style=\"padding-left: 40px;\">Droit \u00e0 la limitation<\/h6>\n<p style=\"padding-left: 40px;\">Vous pouvez demander \u00e0 limiter l&rsquo;utilisation de vos donn\u00e9es. Cela signifie que, dans certains cas, nous pouvons seulement stocker vos donn\u00e9es, mais pas les utiliser.<\/p>\n<h6 style=\"padding-left: 40px;\">Droit \u00e0 l&rsquo;oubli<\/h6>\n<p style=\"padding-left: 40px;\">Vous pouvez nous demander de supprimer toutes les donn\u00e9es que nous poss\u00e9dons \u00e0 votre sujet. Nous supprimerons alors toutes les donn\u00e9es permettant de remonter jusqu&rsquo;\u00e0 vous. Dans certains cas, nous ne pouvons pas ou ne pouvons pas encore supprimer vos donn\u00e9es. Par exemple, nous devons conserver certaines donn\u00e9es pendant 7 ans pour les autorit\u00e9s fiscales.<\/p>\n<h6 style=\"padding-left: 40px;\">Droit d&rsquo;introduire une r\u00e9clamation<\/h6>\n<p style=\"padding-left: 40px;\">Vous pouvez d\u00e9poser une plainte concernant la mani\u00e8re dont nous traitons vos donn\u00e9es. Si vous avez une r\u00e9clamation, nous serons heureux de la r\u00e9soudre pour vous. Pour ce faire, veuillez contacter notre d\u00e9l\u00e9gu\u00e9 \u00e0 la protection des donn\u00e9es. Vous pouvez \u00e9galement d\u00e9poser une plainte aupr\u00e8s de l&rsquo;autorit\u00e9 n\u00e9erlandaise de protection des donn\u00e9es. Bien entendu, nous esp\u00e9rons que nous n&rsquo;en arriverons pas l\u00e0, mais si cela s&rsquo;av\u00e8re n\u00e9cessaire, vous pouvez \u00e9galement saisir un tribunal. Dans ce cas, c&rsquo;est le tribunal du si\u00e8ge social de Aire de Camping-car Willemsoord qui traitera votre plainte.<\/p>\n<h6 style=\"padding-left: 40px;\">Comment soumettre une demande ou une plainte ?<\/h6>\n<p style=\"padding-left: 40px;\">Vous pouvez soumettre votre demande ou votre plainte \u00e0 notre d\u00e9l\u00e9gu\u00e9 \u00e0 la protection des donn\u00e9es en envoyant un courrier \u00e0 info@camperplaatswillemsoord.nl. Nous traitons chaque demande ou plainte dans un d\u00e9lai de 30 jours. Si vous soumettez plusieurs demandes ou plaintes ou si vous soumettez une demande ou une plainte complexe, cela peut prendre plus de temps. Dans ce cas, nous vous contacterons dans les 60 jours au plus tard. Nous pouvons vous demander de vous identifier. Dans ce cas, nous vous demanderons de fournir certaines informations pour nous assurer que vous \u00eates bien la personne dont les donn\u00e9es personnelles sont concern\u00e9es.<\/p>\n<h5>Quelles sont les r\u00e8gles applicables \u00e0 cette d\u00e9claration de confidentialit\u00e9 ?<\/h5>\n<p>Notre d\u00e9claration de confidentialit\u00e9 doit r\u00e9pondre \u00e0 plusieurs conditions. Ces conditions figurent notamment dans le r\u00e8glement g\u00e9n\u00e9ral n\u00e9erlandais sur la protection des donn\u00e9es. En outre, les r\u00e8gles g\u00e9n\u00e9rales du droit n\u00e9erlandais s&rsquo;appliquent \u00e0 notre d\u00e9claration de confidentialit\u00e9.<\/p>\n<h5>Quels sont les cookies que nous utilisons ?<\/h5>\n<p>Vous pouvez indiquer vous-m\u00eame les donn\u00e9es que nous pouvons utiliser \u00e0 votre sujet. Si vous nous autorisez \u00e0 personnaliser votre profil sur la base de votre comportement de navigation et de recherche, nous pouvons configurer notre site web sp\u00e9cifiquement pour vous afin que son utilisation devienne plus facile et plus personnelle. Pour ce faire, nous utilisons des cookies. Un cookie est un petit fichier texte qui est plac\u00e9 sur votre mat\u00e9riel lorsque vous visitez notre site web.<br \/>Nous utilisons les types de cookies suivants sur notre site web :<\/p>\n<ul>\n<li>Les cookies fonctionnels : comme les cookies de session et de connexion pour collecter les informations de session et de connexion<\/li>\n<\/ul>\n<h5>Que faisons-nous des donn\u00e9es relatives aux mineurs ?<\/h5>\n<p>Notre site web et notre organisation ne s&rsquo;adressent pas aux mineurs. Cela signifie que si vous avez moins de 18 ans, vous devez obtenir l&rsquo;autorisation d&rsquo;un parent ou d&rsquo;un tuteur pour utiliser notre site web. Si vous \u00eates mineur et que vous visitez notre site web ou notre boutique en ligne, nous supposons que vous avez re\u00e7u cette autorisation avant votre visite.<\/p>\n<h5>Vous avez une question concernant cette politique de confidentialit\u00e9 ?<\/h5>\n<p>Vous avez une question concernant cette politique de confidentialit\u00e9 ? N&rsquo;h\u00e9sitez pas \u00e0 nous contacter \u00e0 l&rsquo;adresse <a href=\"mailto:info@camperplaatswillemsoord.nl\" target=\"_blank\" rel=\"noopener\">info@camperplaatswillemsoord.nl<\/a>. Nous nous ferons un plaisir de vous aider.<\/p>\n\t\t\t\t\t\t\t\t<\/div>\n\t\t\t\t<\/div>\n\t\t\t\t<div class=\"elementor-element elementor-element-0bd5867 elementor-widget elementor-widget-text-editor\" data-id=\"0bd5867\" data-element_type=\"widget\" data-e-type=\"widget\" data-widget_type=\"text-editor.default\">\n\t\t\t\t<div class=\"elementor-widget-container\">\n\t\t\t\t\t\t\t\t\tCette d\u00e9claration de confidentialit\u00e9 a \u00e9t\u00e9 modifi\u00e9e pour la derni\u00e8re fois : avril 2026\t\t\t\t\t\t\t\t<\/div>\n\t\t\t\t<\/div>\n\t\t\t\t\t<\/div>\n\t\t\t\t<\/div>\n\t\t\t\t<\/div>\n\t\t","protected":false},"excerpt":{"rendered":"<p>D\u00e9claration de confidentialit\u00e9 D\u00e9claration de confidentialit\u00e9 Aire de Camping-car Willemsoord D\u00e8s que vous visitez notre site web https:\/\/camperplaatswillemsoord.nl ou que vous nous contactez, nous recevons des informations vous concernant. Dans cette d\u00e9claration de confidentialit\u00e9, nous expliquons ce que nous faisons de ces informations. We gaan altijd zorgvuldig met je informatie om en slaan die veilig [&hellip;]<\/p>\n","protected":false},"author":1,"featured_media":174,"parent":0,"menu_order":93,"comment_status":"closed","ping_status":"closed","template":"","meta":{"_acf_changed":false,"footnotes":""},"class_list":["post-1448","page","type-page","status-publish","has-post-thumbnail","hentry"],"acf":[],"_links":{"self":[{"href":"https:\/\/camperplaatswillemsoord.nl\/fr\/wp-json\/wp\/v2\/pages\/1448","targetHints":{"allow":["GET"]}}],"collection":[{"href":"https:\/\/camperplaatswillemsoord.nl\/fr\/wp-json\/wp\/v2\/pages"}],"about":[{"href":"https:\/\/camperplaatswillemsoord.nl\/fr\/wp-json\/wp\/v2\/types\/page"}],"author":[{"embeddable":true,"href":"https:\/\/camperplaatswillemsoord.nl\/fr\/wp-json\/wp\/v2\/users\/1"}],"replies":[{"embeddable":true,"href":"https:\/\/camperplaatswillemsoord.nl\/fr\/wp-json\/wp\/v2\/comments?post=1448"}],"version-history":[{"count":4,"href":"https:\/\/camperplaatswillemsoord.nl\/fr\/wp-json\/wp\/v2\/pages\/1448\/revisions"}],"predecessor-version":[{"id":1453,"href":"https:\/\/camperplaatswillemsoord.nl\/fr\/wp-json\/wp\/v2\/pages\/1448\/revisions\/1453"}],"wp:featuredmedia":[{"embeddable":true,"href":"https:\/\/camperplaatswillemsoord.nl\/fr\/wp-json\/wp\/v2\/media\/174"}],"wp:attachment":[{"href":"https:\/\/camperplaatswillemsoord.nl\/fr\/wp-json\/wp\/v2\/media?parent=1448"}],"curies":[{"name":"wp","href":"https:\/\/api.w.org\/{rel}","templated":true}]}}